{"id":823,"date":"2025-04-10T11:58:26","date_gmt":"2025-04-10T09:58:26","guid":{"rendered":"https:\/\/loyalbusinessconsulting.com\/assessoria-laboral-andorra\/"},"modified":"2025-11-06T12:08:28","modified_gmt":"2025-11-06T11:08:28","slug":"assessoria-laboral-andorra","status":"publish","type":"page","link":"https:\/\/loyalbusinessconsulting.com\/ca\/assessoria-laboral-andorra\/","title":{"rendered":"Assessoria Laboral Andorra"},"content":{"rendered":"<section class=\"l-section wpb_row us_custom_eb849559 height_medium width_full with_img\"><div class=\"l-section-img\" role=\"img\" data-img-width=\"1000\" data-img-height=\"667\" style=\"background-image: url(https:\/\/loyalbusinessconsulting.com\/wp-content\/uploads\/2025\/04\/asesoria-laboral-loyal-andorra-asesores.jpg);background-repeat: no-repeat;\"><\/div><div class=\"l-section-overlay\" style=\"background:rgba(0,0,0,0.59)\"><\/div><div class=\"l-section-h i-cf\"><div class=\"g-cols vc_row via_grid cols_1 laptops-cols_inherit tablets-cols_inherit mobiles-cols_1 valign_top type_default stacking_default\"><div class=\"wpb_column vc_column_container us_custom_524b9e0f\"><div class=\"vc_column-inner\"><div class=\"g-cols wpb_row us_custom_c8711b7d via_grid cols_5-1 laptops-cols_inherit tablets-cols_inherit mobiles-cols_1 valign_middle type_default stacking_default\" style=\"--columns-gap:3rem;\"><div class=\"wpb_column vc_column_container us_custom_6df4bc3a has_text_color\"><div class=\"vc_column-inner\"><h1 class=\"w-text us_custom_bbcdc4d5 has_text_color\"><span class=\"w-text-h\"><span class=\"w-text-value\">Assessoria Laboral Andorra<\/span><\/span><\/h1><nav class=\"g-breadcrumbs us_custom_053dad7a has_text_color separator_icon align_left\" itemscope itemtype=\"http:\/\/schema.org\/BreadcrumbList\"><div class=\"g-breadcrumbs-item\" itemscope itemprop=\"itemListElement\" itemtype=\"http:\/\/schema.org\/ListItem\"><a itemprop=\"item\" href=\"https:\/\/loyalbusinessconsulting.com\/ca\/\"><span itemprop=\"name\">Home<\/span><\/a><meta itemprop=\"position\" content=\"1\"\/><\/div><div class=\"g-breadcrumbs-separator\"><i class=\"far fa-angle-right\"><\/i><\/div><div class=\"g-breadcrumbs-item\">P\u00e0gines<\/div><\/nav><div class=\"w-separator size_small\"><\/div><div class=\"wpb_text_column\"><div class=\"wpb_wrapper\"><p style=\"text-align: left;\"><i class=\"fas fa-check\" style=\"color: #597158;\"><\/i>  Evita errors legals en contractacions i acomiadaments.<br \/>\n<i class=\"fas fa-check\" style=\"color: #597158;\"><\/i>  Gestiona n\u00f2mines i cotitzacions sense complicacions.<br \/>\n<i class=\"fas fa-check\" style=\"color: #597158;\"><\/i>  Compleix la normativa laboral i guanya en tranquil\u00b7litat.<\/p>\n<\/div><\/div><div class=\"w-btn-wrapper default_align_left laptops_align_left tablets_align_center mobiles_align_center\"><a class=\"w-btn us-btn-style_1 us_custom_e0c551af icon_atleft\" href=\"#contacte\"><i class=\"fas fa-calendar\"><\/i><span class=\"w-btn-label\">Agenda la teva consulta ara!<\/span><\/a><\/div><div class=\"w-separator size_small\"><\/div><div class=\"wpb_text_column\"><div class=\"wpb_wrapper\"><p style=\"text-align: left;\"><i class=\"fas fa-star\" style=\"color: #f6bd09;\"><\/i><i class=\"fas fa-star\" style=\"color: #f6bd09;\"><\/i><i class=\"fas fa-star\" style=\"color: #f6bd09;\"><\/i><i class=\"fas fa-star\" style=\"color: #f6bd09;\"><\/i><i class=\"fas fa-star\" style=\"color: #f6bd09;\"><\/i>  Valoraci\u00f3 de <strong>5\/5<\/strong> basades en <strong>+24<\/strong> Ressenyes positives<\/p>\n<\/div><\/div><\/div><\/div><div class=\"wpb_column vc_column_container\"><div class=\"vc_column-inner\"><\/div><\/div><\/div><\/div><\/div><\/div><\/div><\/section><section class=\"l-section wpb_row height_small\"><div class=\"l-section-h i-cf\"><div class=\"g-cols vc_row via_grid cols_2 laptops-cols_inherit tablets-cols_inherit mobiles-cols_1 valign_middle type_default stacking_default\"><div class=\"wpb_column vc_column_container\"><div class=\"vc_column-inner\"><h2 class=\"w-text us_custom_c9147a5a\"><span class=\"w-text-h\"><span class=\"w-text-value\">Objectius d\u00b4una assessoria en gesti\u00f3 de personal<\/span><\/span><\/h2><div class=\"wpb_text_column\"><div class=\"wpb_wrapper\"><p>El seu objectiu principal \u00e9s assessorar empreses i treballadors en aspectes relacionats amb contractacions, condicions laborals, n\u00f2mines i compliment de la legislaci\u00f3 laboral vigent.<\/p>\n<p> En delegar aquestes funcions en experts, les organitzacions asseguren una<span> <\/span><strong>gesti\u00f3 eficient<\/strong><span> <\/span>i eviten possibles sancions derivades d&#8217;incompliments legals.<\/p>\n<p> Si la teva empresa necessita assessorament en mat\u00e8ria laboral, a<span> <\/span><strong>Loyal<\/strong><span> <\/span>oferim solucions adaptades a les vostres necessitats.<\/p>\n<\/div><\/div><div class=\"w-separator size_small\"><\/div><div class=\"w-btn-wrapper default_align_none laptops_align_none tablets_align_center mobiles_align_center\"><a class=\"w-btn us-btn-style_4 icon_atright\" href=\"#contacte\"><span class=\"w-btn-label\">Necessites m\u00e9s informaci\u00f3?<\/span><i class=\"fas fa-chevron-circle-right\"><\/i><\/a><\/div><\/div><\/div><div class=\"wpb_column vc_column_container\"><div class=\"vc_column-inner\"><div class=\"w-image align_none\"><div class=\"w-image-h\"><img decoding=\"async\" width=\"1000\" height=\"667\" src=\"https:\/\/loyalbusinessconsulting.com\/wp-content\/uploads\/2025\/07\/abogados-reunion-rotated.jpg\" class=\"attachment-full size-full\" alt=\"abogados reunion\" loading=\"lazy\" srcset=\"https:\/\/loyalbusinessconsulting.com\/wp-content\/uploads\/2025\/07\/abogados-reunion-rotated.jpg 1000w, https:\/\/loyalbusinessconsulting.com\/wp-content\/uploads\/2025\/07\/abogados-reunion-300x200.jpg 300w\" sizes=\"auto, (max-width: 1000px) 100vw, 1000px\" \/><\/div><\/div><\/div><\/div><\/div><\/div><\/section><section class=\"l-section wpb_row height_small\"><div class=\"l-section-h i-cf\"><div class=\"g-cols vc_row via_grid cols_1 laptops-cols_inherit tablets-cols_inherit mobiles-cols_1 valign_middle type_default stacking_default\"><div class=\"wpb_column vc_column_container\"><div class=\"vc_column-inner\"><h2 class=\"w-text us_custom_03c4c312 has_text_color\"><span class=\"w-text-h\"><span class=\"w-text-value\">Funcions principals duna assessoria en gesti\u00f3 de personal<\/span><\/span><\/h2><\/div><\/div><\/div><\/div><\/section><section class=\"l-section wpb_row height_medium\"><div class=\"l-section-h i-cf\"><div class=\"g-cols vc_row via_grid cols_2 laptops-cols_inherit tablets-cols_inherit mobiles-cols_1 valign_middle type_default stacking_default\"><div class=\"wpb_column vc_column_container\"><div class=\"vc_column-inner\"><h3 class=\"w-text us_custom_3bcc713a has_text_color\"><span class=\"w-text-h\"><span class=\"w-text-value\">Assessorament en contractaci\u00f3 i desvinculaci\u00f3<\/span><\/span><\/h3><div class=\"wpb_text_column\"><div class=\"wpb_wrapper\"><p>La correcta formalitzaci\u00f3 de contractes laborals \u00e9s fonamental per a<span> <\/span><strong>establir relacions clares entre empresaris i empleats<\/strong> . Ens encarreguem de:<\/p>\n<\/div><\/div><div class=\"w-separator size_small\"><\/div><div class=\"wpb_text_column\"><div class=\"wpb_wrapper\"><div class=\"custom-hover-box\">\n<div class=\"number\">1<\/div>\n<div class=\"content\">\n<p style=\"font-size: 16px;\"><strong>Redacci\u00f3 i revisi\u00f3 de contractes<\/strong><\/p>\n<p>Elaboraci\u00f3 de contractes adaptats a les necessitats espec\u00edfiques de l&#8217;empresa i de conformitat amb la legislaci\u00f3 vigent.<\/p>\n<\/div>\n<\/div>\n<\/div><\/div><div class=\"wpb_text_column us_custom_5ca5e8c1\"><div class=\"wpb_wrapper\"><div class=\"custom-hover-box\">\n<div class=\"number\">2<\/div>\n<div class=\"content\">\n<p style=\"font-size: 16px;\"><strong>Gesti\u00f3 d&#8217;acomiadaments i liquidacions<\/strong><\/p>\n<p>Assessorament en processos de desvinculaci\u00f3 laboral, assegurant el compliment dels procediments legals i minimitzant riscos de reclamacions.<\/p>\n<\/div>\n<\/div>\n<\/div><\/div><\/div><\/div><div class=\"wpb_column vc_column_container\"><div class=\"vc_column-inner\"><h3 class=\"w-text us_custom_3bcc713a has_text_color\"><span class=\"w-text-h\"><span class=\"w-text-value\">Gesti\u00f3 de n\u00f2mines i assegurances socials<\/span><\/span><\/h3><div class=\"wpb_text_column\"><div class=\"wpb_wrapper\"><p>L&#8217;administraci\u00f3 precisa de les remuneracions i contribucions \u00e9s necess\u00e0ria per<strong><span> <\/span>mantenir la confian\u00e7a del personal<\/strong><span> <\/span>i complir les obligacions fiscals.<span> <\/span><strong>Loyal<\/strong><span> <\/span>oferim serveis com:<\/p>\n<\/div><\/div><div class=\"w-separator size_small\"><\/div><div class=\"wpb_text_column us_custom_5ca5e8c1\"><div class=\"wpb_wrapper\"><div class=\"custom-hover-box\">\n<div class=\"number\">1<\/div>\n<div class=\"content\">\n<p style=\"font-size: 16px;\"><strong>Elaboraci\u00f3 de n\u00f2mines<\/strong><\/p>\n<p>C\u00e0lcul i emissi\u00f3 de n\u00f2mines mensuals, considerant deduccions, retencions i beneficis aplicables.<\/p>\n<\/div>\n<\/div>\n<\/div><\/div><div class=\"wpb_text_column\"><div class=\"wpb_wrapper\"><div class=\"custom-hover-box\">\n<div class=\"number\">2<\/div>\n<div class=\"content\">\n<p style=\"font-size: 16px;\"><strong>Tramitaci\u00f3 de cotitzacions<\/strong><\/p>\n<p>Gesti\u00f3 de les aportacions a la Seguretat Social i altres organismes pertinents, garantint la correcta afiliaci\u00f3 i cotitzaci\u00f3 dels empleats.<\/p>\n<\/div>\n<\/div>\n<\/div><\/div><\/div><\/div><\/div><\/div><\/section><section class=\"l-section wpb_row us_custom_766f4e4b height_medium\"><div class=\"l-section-h i-cf\"><div class=\"g-cols vc_row via_grid cols_1 laptops-cols_inherit tablets-cols_inherit mobiles-cols_1 valign_top type_default stacking_default\"><div class=\"wpb_column vc_column_container\"><div class=\"vc_column-inner\"><div class=\"w-btn-wrapper align_center\"><a class=\"w-btn us-btn-style_4 icon_atleft\" href=\"#contacte\"><i class=\"fab fa-whatsapp\"><\/i><span class=\"w-btn-label\">Contacta amb nosaltres<\/span><\/a><\/div><\/div><\/div><\/div><\/div><\/section><section class=\"l-section wpb_row height_medium\"><div class=\"l-section-h i-cf\"><div class=\"g-cols vc_row via_grid cols_2 laptops-cols_inherit tablets-cols_inherit mobiles-cols_1 valign_middle type_default reversed stacking_default\"><div class=\"wpb_column vc_column_container\"><div class=\"vc_column-inner\"><div class=\"w-image align_none\"><div class=\"w-image-h\"><img decoding=\"async\" width=\"667\" height=\"1000\" src=\"https:\/\/loyalbusinessconsulting.com\/wp-content\/uploads\/2025\/07\/abogados-reunidos.jpg\" class=\"attachment-full size-full\" alt=\"abogados reunidos\" loading=\"lazy\" srcset=\"https:\/\/loyalbusinessconsulting.com\/wp-content\/uploads\/2025\/07\/abogados-reunidos.jpg 667w, https:\/\/loyalbusinessconsulting.com\/wp-content\/uploads\/2025\/07\/abogados-reunidos-200x300.jpg 200w\" sizes=\"auto, (max-width: 667px) 100vw, 667px\" \/><\/div><\/div><\/div><\/div><div class=\"wpb_column vc_column_container\"><div class=\"vc_column-inner\"><div class=\"wpb_text_column\"><div class=\"wpb_wrapper\"><h2>Requisits i consideracions importants<\/h2>\n<h3>Particulars<\/h3>\n<ul>\n<li><strong>Document d&#8217;identitat:<\/strong><span> <\/span>DNI, NIE o passaport.<\/li>\n<li><strong>Comprovant de domicili:<\/strong><span> <\/span>factura de serveis o contracte de lloguer.<\/li>\n<li><strong>Justificaci\u00f3 d&#8217;ingressos:<\/strong><span> <\/span>en alguns casos, lentitat pot sol\u00b7licitar n\u00f2mina o declaraci\u00f3 dimpostos.<\/li>\n<\/ul>\n<h3>Empreses<\/h3>\n<ul>\n<li><strong>Escriptura de constituci\u00f3:<\/strong><span> <\/span>document que acredita la creaci\u00f3 de la societat.<\/li>\n<li><strong>CIF de l&#8217;empresa:<\/strong><span> <\/span>n\u00famero d&#8217;identificaci\u00f3 fiscal de l&#8217;entitat.<\/li>\n<li><strong>Poders dels administradors:<\/strong><span> <\/span>documentaci\u00f3 que acredita els representants legals.<\/li>\n<\/ul>\n<\/div><\/div><div class=\"w-separator size_small\"><\/div><div class=\"w-btn-wrapper default_align_center laptops_align_center tablets_align_center mobiles_align_center\"><a class=\"w-btn us-btn-style_4 icon_atright\" href=\"#contacte\"><span class=\"w-btn-label\">Saber-ne m\u00e9s!<\/span><i class=\"fas fa-chevron-circle-right\"><\/i><\/a><\/div><\/div><\/div><\/div><\/div><\/section><section class=\"l-section wpb_row us_custom_eac59c77 height_medium\"><div class=\"l-section-h i-cf\"><div class=\"g-cols vc_row via_grid cols_1 laptops-cols_inherit tablets-cols_inherit mobiles-cols_1 valign_top type_default stacking_default\"><div class=\"wpb_column vc_column_container us_custom_0728b4ce\"><div class=\"vc_column-inner\"><h2 class=\"w-text us_custom_00b0c506\"><span class=\"w-text-h\"><span class=\"w-text-value\">Preguntes freq\u00fcents sobre assessoria laboral a Andorra<\/span><\/span><\/h2><div class=\"w-tabs style_default switch_click accordion has_scrolling\" style=\"--sections-title-size:inherit\"><div class=\"w-tabs-sections titles-align_none icon_chevron cpos_right\"><div class=\"w-tabs-section\" id=\"y75e\" itemscope itemprop=\"mainEntity\" itemtype=\"https:\/\/schema.org\/Question\"><button class=\"w-tabs-section-header\" aria-controls=\"content-y75e\" aria-expanded=\"false\"><h3 class=\"w-tabs-section-title\" itemprop=\"name\">Quan hauria d&#039;una empresa externalitzar la gesti\u00f3 de personal?<\/h3><div class=\"w-tabs-section-control\"><\/div><\/button><div  class=\"w-tabs-section-content\" id=\"content-y75e\" itemscope itemprop=\"acceptedAnswer\" itemtype=\"https:\/\/schema.org\/Answer\"><div class=\"w-tabs-section-content-h i-cf\" itemprop=\"text\"><div class=\"wpb_text_column us_custom_e8d85284 has_text_color\"><div class=\"wpb_wrapper\"><p>\u00c9s recomanable que una empresa externalizi la gesti\u00f3 quan no t\u00e9 un departament intern especialitzat en recursos humans o dret laboral, o quan vol garantir el compliment normatiu i optimitzar la gesti\u00f3 dels seus empleats. Davant de canvis legislatius freq\u00fcents, comptar amb experts que mantinguin l&#8217;empresa actualitzada \u00e9s fonamental per evitar sancions i conflictes.<\/p>\n<\/div><\/div><\/div><\/div><\/div><div class=\"w-tabs-section\" id=\"aa50\" itemscope itemprop=\"mainEntity\" itemtype=\"https:\/\/schema.org\/Question\"><button class=\"w-tabs-section-header\" aria-controls=\"content-aa50\" aria-expanded=\"false\"><h3 class=\"w-tabs-section-title\" itemprop=\"name\">Com tria una empresa l&#039;assessoria en gesti\u00f3 laboral adequada?<\/h3><div class=\"w-tabs-section-control\"><\/div><\/button><div  class=\"w-tabs-section-content\" id=\"content-aa50\" itemscope itemprop=\"acceptedAnswer\" itemtype=\"https:\/\/schema.org\/Answer\"><div class=\"w-tabs-section-content-h i-cf\" itemprop=\"text\"><div class=\"wpb_text_column us_custom_e8d85284 has_text_color\"><div class=\"wpb_wrapper\"><p>Per seleccionar l&#8217;assessoria adequada, l&#8217;empresa ha de<span> <\/span><strong>analitzar factors com l&#8217;experi\u00e8ncia i l&#8217;especialitzaci\u00f3 de l&#8217;equip assessor<\/strong> ,<strong><span> <\/span>la gamma de serveis oferts<\/strong> ,<span> <\/span><strong>la reputaci\u00f3 al mercat<\/strong><span> <\/span>i<strong><span> <\/span>la capacitat per adaptar-se a les necessitats espec\u00edfiques de l&#8217;organitzaci\u00f3<\/strong> . \u00c9s important establir una comunicaci\u00f3 fluida i assegurar-se que l&#8217;assessoria comprengui plenament la cultura i els objectius de l&#8217;empresa.<\/p>\n<\/div><\/div><\/div><\/div><\/div><div class=\"w-tabs-section\" id=\"ece0\" itemscope itemprop=\"mainEntity\" itemtype=\"https:\/\/schema.org\/Question\"><button class=\"w-tabs-section-header\" aria-controls=\"content-ece0\" aria-expanded=\"false\"><h3 class=\"w-tabs-section-title\" itemprop=\"name\">Quin cost t\u00e9 contractar una assessoria en gesti\u00f3 laboral?<\/h3><div class=\"w-tabs-section-control\"><\/div><\/button><div  class=\"w-tabs-section-content\" id=\"content-ece0\" itemscope itemprop=\"acceptedAnswer\" itemtype=\"https:\/\/schema.org\/Answer\"><div class=\"w-tabs-section-content-h i-cf\" itemprop=\"text\"><div class=\"wpb_text_column us_custom_e8d85284 has_text_color\"><div class=\"wpb_wrapper\"><p><span>El cost de contractar una assessoria<\/span> <strong>varia segons la mida de l&#8217;empresa, els serveis requerits i la complexitat de la gesti\u00f3 laboral.<\/strong> <span>A<\/span> <strong>Loyal<\/strong> <span>oferim plans mensuals que inclouen serveis b\u00e0sics com la gesti\u00f3 de n\u00f2mines i contractes, mentre que altres serveis m\u00e9s especialitzats poden tenir un cost addicional.<\/span><\/p>\n<\/div><\/div><\/div><\/div><\/div><\/div><\/div><\/div><\/div><\/div><\/div><\/section><section class=\"l-section wpb_row height_medium\"><div class=\"l-section-h i-cf\"><div class=\"g-cols vc_row via_grid cols_1 laptops-cols_inherit tablets-cols_inherit mobiles-cols_1 valign_top type_default stacking_default\"><div class=\"wpb_column vc_column_container\"><div class=\"vc_column-inner\"><div class=\"wpb_text_column\"><div class=\"wpb_wrapper\"><div class=\"rpi\" style=\"\" data-id=\"149\" data-opts='{\"layout\":\"slider\",\"style_style\":\"1\",\"style_stars\":\"4\",\"style_ava\":\"1\",\"head_logo\":\"5\",\"style_logo\":\"1\",\"pagination\":\"10\",\"text_size\":\"\",\"hide_avatar\":\"\",\"hide_name\":\"\",\"disable_review_time\":\"\",\"disable_user_link\":\"\",\"disable_google_link\":\"\",\"open_link\":\"1\",\"nofollow_link\":\"1\",\"lazy_load_img\":\"1\",\"time_format\":\"\",\"breakpoints\":\"\",\"ajax_load\":\"\",\"trans\":{\"read more\":\"M\\u00e9s\",\"Response from the owner\":\"Resposta del propietari\"}}' data-exec=\"\" ><div class=\"rpi-cnt rpi-col-m rpi-slider rpi-sh\" data-opts='{\"pagination\":\"10\",\"speed\":5,\"autoplay\":\"\",\"wheelscroll\":\"\",\"mousestop\":\"\",\"clickstop\":\"\",\"swipe_step\":\"\",\"swipe_per_btn\":\"\",\"swipe_per_dot\":\"\",\"hide_dots\":\"\"}' style=\"visibility:var(--visible, hidden)\" ><div class=\"rpi-header rpi-header_row rpi-header_pad\"><div class=\"rpi-cards\"><div class=\"rpi-card rpi-card_block\" data-provider=\"google\"><div class=\"rpi-card-inner rpi-flexwrap\"><span class=\"rpi-logos\"><span class=\"rpi-logo rpi-logo-google\"><\/span><\/span><div class=\"rpi-flex\"><div class=\"rpi-img\"><img decoding=\"async\" src=\"https:\/\/loyalbusinessconsulting.com\/wp-content\/plugins\/business-reviews-bundle\/assets\/img\/gmblogo.svg\" class=\"rpi-img\" loading=\"lazy\" width=\"56\" height=\"56\" alt=\"\" onerror=\"if(this.src!='data:image\/gif;base64,R0lGODlhAQABAIAAAAAAAP\/\/\/yH5BAEAAAAALAAAAAABAAEAAAIBRAA7')this.src='data:image\/gif;base64,R0lGODlhAQABAIAAAAAAAP\/\/\/yH5BAEAAAAALAAAAAABAAEAAAIBRAA7';\"><\/div><div class=\"rpi-info\"><div class=\"rpi-scale\">Excel\u00b7lent<\/div><a href=\"https:\/\/www.loyalbusinessconsulting.com\/\" class=\"rpi-name\" target=\"_blank\" rel=\"noopener nofollow\" aria-label=\"Loyal Business Consulting - summary business\">Loyal Business Consulting<\/a><div class=\"rpi-score\"><div class=\"rpi-grade\">5.0<\/div><div class=\"rpi-stars\" data-info=\"5.0,summary,\"><span class=\"rpi-star\"><\/span><span class=\"rpi-star\"><\/span><span class=\"rpi-star\"><\/span><span class=\"rpi-star\"><\/span><span class=\"rpi-star\"><\/span><\/div><\/div><div class=\"rpi-based\">Basat en 29 opinions<\/div><\/div><\/div><div class=\"rpi-slider-btn\"><div class=\"rpi-review_us rpi-clickable\"><a href=\"https:\/\/search.google.com\/local\/reviews?placeid=ChIJ11FA1AUZeqsRilyH12sDiLE\" target=\"_blank\" rel=\"noopener\">Mostra els comentaris<\/a><\/div><div class=\"rpi-review_us rpi-clickable\"><a href=\"https:\/\/search.google.com\/local\/writereview?placeid=ChIJ11FA1AUZeqsRilyH12sDiLE\" class=\"rpi-logo_after rpi-logo-google\" target=\"_blank\" rel=\"noopener\" onclick=\"rpi.Utils.popup('https:\/\/search.google.com\/local\/writereview?placeid=ChIJ11FA1AUZeqsRilyH12sDiLE', 800, 600)\">valora'ns a<\/a><\/div><\/div><\/div><\/div><\/div><\/div><div class=\"rpi-content rpi-content_row\"><div class=\"rpi-slider-prev\" tabindex=\"0\"><\/div><div class=\"rpi-cards\" data-count=\"29\" data-offset=\"10\"><div class=\"rpi-card\" data-provider=\"google\"><div class=\"rpi-card-inner\"><i class=\"\"><\/i><div class=\"rpi-flex\"><div class=\"rpi-img\"><img decoding=\"async\" src=\"https:\/\/lh3.googleusercontent.com\/a-\/ALV-UjUeD9M97_mkLd0LHU6FOZs6BztpSBLbDRBSKIHu6IRp7IKSDyI=s120-c-rp-mo-s56-br100\" class=\"rpi-img\" loading=\"lazy\" width=\"56\" height=\"56\" alt=\"\" onerror=\"if(this.src!='https:\/\/loyalbusinessconsulting.com\/wp-content\/plugins\/business-reviews-bundle\/assets\/img\/google_avatar.png')this.src='https:\/\/loyalbusinessconsulting.com\/wp-content\/plugins\/business-reviews-bundle\/assets\/img\/google_avatar.png';\"><\/div><div class=\"rpi-info\"><a href=\"https:\/\/search.google.com\/local\/reviews?placeid=ChIJ11FA1AUZeqsRilyH12sDiLE\" class=\"rpi-name\" target=\"_blank\" rel=\"noopener nofollow\" aria-label=\"Joaquin Ramos Isach - google user profile\">Joaquin Ramos Isach<\/a><div class=\"rpi-time\" data-time=\"1773998745\"><\/div><div class=\"rpi-stars\" data-info=\"5,google,\"><span class=\"rpi-star\"><\/span><span class=\"rpi-star\"><\/span><span class=\"rpi-star\"><\/span><span class=\"rpi-star\"><\/span><span class=\"rpi-star\"><\/span><\/div><\/div><\/div><div class=\"rpi-body rpi-normal-up__body\"><div class=\"rpi-text rpi-scroll\" tabindex=\"0\">Gran ayuda en las gestiones realizadas.<br \/>Trato magn\u00edfico.<br \/>Lo recomiendo 100%<\/div><\/div><\/div><\/div><div class=\"rpi-card\" data-provider=\"google\"><div class=\"rpi-card-inner\"><i class=\"\"><\/i><div class=\"rpi-flex\"><div class=\"rpi-img\"><img decoding=\"async\" src=\"https:\/\/lh3.googleusercontent.com\/a-\/ALV-UjXvcUeGLVcWsT1MafuAqDYCJpNwg06h-S8wS-7c4SLSfXxD0II=s120-c-rp-mo-s56-br100\" class=\"rpi-img\" loading=\"lazy\" width=\"56\" height=\"56\" alt=\"\" onerror=\"if(this.src!='https:\/\/loyalbusinessconsulting.com\/wp-content\/plugins\/business-reviews-bundle\/assets\/img\/google_avatar.png')this.src='https:\/\/loyalbusinessconsulting.com\/wp-content\/plugins\/business-reviews-bundle\/assets\/img\/google_avatar.png';\"><\/div><div class=\"rpi-info\"><a href=\"https:\/\/search.google.com\/local\/reviews?placeid=ChIJ11FA1AUZeqsRilyH12sDiLE\" class=\"rpi-name\" target=\"_blank\" rel=\"noopener nofollow\" aria-label=\"Christopher Clermont - google user profile\">Christopher Clermont<\/a><div class=\"rpi-time\" data-time=\"1773154724\"><\/div><div class=\"rpi-stars\" data-info=\"5,google,\"><span class=\"rpi-star\"><\/span><span class=\"rpi-star\"><\/span><span class=\"rpi-star\"><\/span><span class=\"rpi-star\"><\/span><span class=\"rpi-star\"><\/span><\/div><\/div><\/div><div class=\"rpi-body rpi-normal-up__body\"><div class=\"rpi-text rpi-scroll\" tabindex=\"0\">Molt bona experi\u00e8ncia amb Loyal . S\u00f3n molt professionals i t'expliquen tot de manera clara. M'han ajudat molt amb els tr\u00e0mits i sempre han estat disponibles per resoldre dubtes. Servei molt recomanable a Andorra. &#x1f60a;<\/div><\/div><\/div><\/div><div class=\"rpi-card\" data-provider=\"google\"><div class=\"rpi-card-inner\"><i class=\"\"><\/i><div class=\"rpi-flex\"><div class=\"rpi-img\"><img decoding=\"async\" src=\"https:\/\/lh3.googleusercontent.com\/a-\/ALV-UjUMx1wXmkiIYxUItAWx7YLw0M8giHLRgcEVII4Bqs-aOTlpSLc=s120-c-rp-mo-s56-br100\" class=\"rpi-img\" loading=\"lazy\" width=\"56\" height=\"56\" alt=\"\" onerror=\"if(this.src!='https:\/\/loyalbusinessconsulting.com\/wp-content\/plugins\/business-reviews-bundle\/assets\/img\/google_avatar.png')this.src='https:\/\/loyalbusinessconsulting.com\/wp-content\/plugins\/business-reviews-bundle\/assets\/img\/google_avatar.png';\"><\/div><div class=\"rpi-info\"><a href=\"https:\/\/search.google.com\/local\/reviews?placeid=ChIJ11FA1AUZeqsRilyH12sDiLE\" class=\"rpi-name\" target=\"_blank\" rel=\"noopener nofollow\" aria-label=\"Alexandre Moreiras Marcelo - google user profile\">Alexandre Moreiras Marcelo<\/a><div class=\"rpi-time\" data-time=\"1768846548\"><\/div><div class=\"rpi-stars\" data-info=\"5,google,\"><span class=\"rpi-star\"><\/span><span class=\"rpi-star\"><\/span><span class=\"rpi-star\"><\/span><span class=\"rpi-star\"><\/span><span class=\"rpi-star\"><\/span><\/div><\/div><\/div><div class=\"rpi-body rpi-normal-up__body\"><div class=\"rpi-text rpi-scroll\" tabindex=\"0\"><\/div><\/div><\/div><\/div><div class=\"rpi-card\" data-provider=\"google\"><div class=\"rpi-card-inner\"><i class=\"\"><\/i><div class=\"rpi-flex\"><div class=\"rpi-img\"><img decoding=\"async\" src=\"https:\/\/lh3.googleusercontent.com\/a-\/ALV-UjXJ4I4cv36uDD7bktOXd6yrhzrjYJE3f5tR5TYxxjMX2p3ARQo=s120-c-rp-mo-s56-br100\" class=\"rpi-img\" loading=\"lazy\" width=\"56\" height=\"56\" alt=\"\" onerror=\"if(this.src!='https:\/\/loyalbusinessconsulting.com\/wp-content\/plugins\/business-reviews-bundle\/assets\/img\/google_avatar.png')this.src='https:\/\/loyalbusinessconsulting.com\/wp-content\/plugins\/business-reviews-bundle\/assets\/img\/google_avatar.png';\"><\/div><div class=\"rpi-info\"><a href=\"https:\/\/search.google.com\/local\/reviews?placeid=ChIJ11FA1AUZeqsRilyH12sDiLE\" class=\"rpi-name\" target=\"_blank\" rel=\"noopener nofollow\" aria-label=\"Gregory Norris - google user profile\">Gregory Norris<\/a><div class=\"rpi-time\" data-time=\"1765916163\"><\/div><div class=\"rpi-stars\" data-info=\"5,google,\"><span class=\"rpi-star\"><\/span><span class=\"rpi-star\"><\/span><span class=\"rpi-star\"><\/span><span class=\"rpi-star\"><\/span><span class=\"rpi-star\"><\/span><\/div><\/div><\/div><div class=\"rpi-body rpi-normal-up__body\"><div class=\"rpi-text rpi-scroll\" tabindex=\"0\">I can speak highly of Loyal Business Consulting. Honest and well informed appraisal of our many detailed questions relating to company structures and how they relate to imports from Africa and EU trading.<\/div><div class=\"rpi-reply rpi-scroll\"><b>Resposta del propietari:<\/b>Mr. Norris, thank you very much for your kind comment. We remain at your disposal.\nKind regards,\nThe Loyal team<\/div><\/div><\/div><\/div><div class=\"rpi-card\" data-provider=\"google\"><div class=\"rpi-card-inner\"><i class=\"\"><\/i><div class=\"rpi-flex\"><div class=\"rpi-img\"><img decoding=\"async\" src=\"https:\/\/lh3.googleusercontent.com\/a-\/ALV-UjUcdhTkfS6XEGn8GIH2_YJVpLK2PPmm2iNK0rkCFNgsH0burSPc=s120-c-rp-mo-s56-br100\" class=\"rpi-img\" loading=\"lazy\" width=\"56\" height=\"56\" alt=\"\" onerror=\"if(this.src!='https:\/\/loyalbusinessconsulting.com\/wp-content\/plugins\/business-reviews-bundle\/assets\/img\/google_avatar.png')this.src='https:\/\/loyalbusinessconsulting.com\/wp-content\/plugins\/business-reviews-bundle\/assets\/img\/google_avatar.png';\"><\/div><div class=\"rpi-info\"><a href=\"https:\/\/search.google.com\/local\/reviews?placeid=ChIJ11FA1AUZeqsRilyH12sDiLE\" class=\"rpi-name\" target=\"_blank\" rel=\"noopener nofollow\" aria-label=\"Diego Moscoso - google user profile\">Diego Moscoso<\/a><div class=\"rpi-time\" data-time=\"1763675731\"><\/div><div class=\"rpi-stars\" data-info=\"5,google,\"><span class=\"rpi-star\"><\/span><span class=\"rpi-star\"><\/span><span class=\"rpi-star\"><\/span><span class=\"rpi-star\"><\/span><span class=\"rpi-star\"><\/span><\/div><\/div><\/div><div class=\"rpi-body rpi-normal-up__body\"><div class=\"rpi-text rpi-scroll\" tabindex=\"0\">Despu\u00e9s de una mal\u00edsima experiencia con otra empresa del sector, encontr\u00e9 a Loyal, son personas, Super profesionales, te acompa\u00f1an en todo lo necesario, super efectivos. Cercanos y resolutivos. Un 10 lo mejor de Andorra.<br \/><br \/>Muchas gracias a Albert.<\/div><div class=\"rpi-reply rpi-scroll\"><b>Resposta del propietari:<\/b>Sr. Moscoso, agradecemos su comentario tan positivo, estamos a su disposici\u00f3n. Saludos cordiales de parte del equipo de Loyal.<\/div><\/div><\/div><\/div><div class=\"rpi-card\" data-provider=\"google\"><div class=\"rpi-card-inner\"><i class=\"\"><\/i><div class=\"rpi-flex\"><div class=\"rpi-img\"><img decoding=\"async\" src=\"https:\/\/lh3.googleusercontent.com\/a-\/ALV-UjWpEFAAlXyZMp_EW5jU53N6QlFpMyuEPcRycWIkYtfbpg5quv8=s120-c-rp-mo-s56-br100\" class=\"rpi-img\" loading=\"lazy\" width=\"56\" height=\"56\" alt=\"\" onerror=\"if(this.src!='https:\/\/loyalbusinessconsulting.com\/wp-content\/plugins\/business-reviews-bundle\/assets\/img\/google_avatar.png')this.src='https:\/\/loyalbusinessconsulting.com\/wp-content\/plugins\/business-reviews-bundle\/assets\/img\/google_avatar.png';\"><\/div><div class=\"rpi-info\"><a href=\"https:\/\/search.google.com\/local\/reviews?placeid=ChIJ11FA1AUZeqsRilyH12sDiLE\" class=\"rpi-name\" target=\"_blank\" rel=\"noopener nofollow\" aria-label=\"Teresa GARCIA PEDRAZA - google user profile\">Teresa GARCIA PEDRAZA<\/a><div class=\"rpi-time\" data-time=\"1747147668\"><\/div><div class=\"rpi-stars\" data-info=\"5,google,\"><span class=\"rpi-star\"><\/span><span class=\"rpi-star\"><\/span><span class=\"rpi-star\"><\/span><span class=\"rpi-star\"><\/span><span class=\"rpi-star\"><\/span><\/div><\/div><\/div><div class=\"rpi-body rpi-normal-up__body\"><div class=\"rpi-text rpi-scroll\" tabindex=\"0\">Empresa muy profesional con personal de calidad<\/div><div class=\"rpi-reply rpi-scroll\"><b>Resposta del propietari:<\/b>Muchas gracias Teresa por tu confianza y por destacar nuestro compromiso.<\/div><\/div><\/div><\/div><div class=\"rpi-card\" data-provider=\"google\"><div class=\"rpi-card-inner\"><i class=\"\"><\/i><div class=\"rpi-flex\"><div class=\"rpi-img\"><img decoding=\"async\" src=\"https:\/\/lh3.googleusercontent.com\/a\/ACg8ocIFKs6xRX2jAaTLik027Yup_99vhyimKKN6241Jbun-K8C9ng=s120-c-rp-mo-s56-br100\" class=\"rpi-img\" loading=\"lazy\" width=\"56\" height=\"56\" alt=\"\" onerror=\"if(this.src!='https:\/\/loyalbusinessconsulting.com\/wp-content\/plugins\/business-reviews-bundle\/assets\/img\/google_avatar.png')this.src='https:\/\/loyalbusinessconsulting.com\/wp-content\/plugins\/business-reviews-bundle\/assets\/img\/google_avatar.png';\"><\/div><div class=\"rpi-info\"><a href=\"https:\/\/search.google.com\/local\/reviews?placeid=ChIJ11FA1AUZeqsRilyH12sDiLE\" class=\"rpi-name\" target=\"_blank\" rel=\"noopener nofollow\" aria-label=\"Joan Carles Casal Alcazar - google user profile\">Joan Carles Casal Alcazar<\/a><div class=\"rpi-time\" data-time=\"1738659989\"><\/div><div class=\"rpi-stars\" data-info=\"5,google,\"><span class=\"rpi-star\"><\/span><span class=\"rpi-star\"><\/span><span class=\"rpi-star\"><\/span><span class=\"rpi-star\"><\/span><span class=\"rpi-star\"><\/span><\/div><\/div><\/div><div class=\"rpi-body rpi-normal-up__body\"><div class=\"rpi-text rpi-scroll\" tabindex=\"0\">Agradezco a todo el equipo de Loyal Business Consulting que me acompa\u00f1\u00f3 desde el primer momento con absoluta dedicaci\u00f3n y profesionalidad.<br \/><br \/>A d\u00eda de hoy, puedo decir que disfruto de una tranquilidad total, gracias a que regularizaron toda mi situaci\u00f3n fiscal y legal, tanto en Espa\u00f1a como en Andorra.<br \/><br \/>Os estoy y estar\u00e9 eternamente agradecido, porque estos temas, si no se gestionan correctamente, pueden ser una gran fuente de preocupaci\u00f3n.<\/div><div class=\"rpi-reply rpi-scroll\"><b>Resposta del propietari:<\/b>\u00a1Muchas gracias, Joan, por tu valoraci\u00f3n y confianza en Loyal Business Consulting! Nos alegra saber que nuestra dedicaci\u00f3n y profesionalidad te han brindado la tranquilidad que buscabas en la gesti\u00f3n fiscal y legal en Espa\u00f1a y Andorra. Sabemos lo importante que es contar con un equipo experto que garantice un proceso seguro y sin preocupaciones.\nSi en el futuro necesitas asesoramiento adicional en planificaci\u00f3n fiscal, residencia en Andorra o consultor\u00eda empresarial, estaremos encantados de ayudarte. \u00a1Seguimos a tu disposici\u00f3n! &#x1f680;<\/div><\/div><\/div><\/div><div class=\"rpi-card\" data-provider=\"google\"><div class=\"rpi-card-inner\"><i class=\"\"><\/i><div class=\"rpi-flex\"><div class=\"rpi-img\"><img decoding=\"async\" src=\"https:\/\/lh3.googleusercontent.com\/a\/ACg8ocIbBynLVpDV0rWLqfuSwcKJxpvXb-q_W6GOdmkOpLw-E7pAsg=s120-c-rp-mo-s56-br100\" class=\"rpi-img\" loading=\"lazy\" width=\"56\" height=\"56\" alt=\"\" onerror=\"if(this.src!='https:\/\/loyalbusinessconsulting.com\/wp-content\/plugins\/business-reviews-bundle\/assets\/img\/google_avatar.png')this.src='https:\/\/loyalbusinessconsulting.com\/wp-content\/plugins\/business-reviews-bundle\/assets\/img\/google_avatar.png';\"><\/div><div class=\"rpi-info\"><a href=\"https:\/\/search.google.com\/local\/reviews?placeid=ChIJ11FA1AUZeqsRilyH12sDiLE\" class=\"rpi-name\" target=\"_blank\" rel=\"noopener nofollow\" aria-label=\"Marc Novell Arderiu - google user profile\">Marc Novell Arderiu<\/a><div class=\"rpi-time\" data-time=\"1738058502\"><\/div><div class=\"rpi-stars\" data-info=\"5,google,\"><span class=\"rpi-star\"><\/span><span class=\"rpi-star\"><\/span><span class=\"rpi-star\"><\/span><span class=\"rpi-star\"><\/span><span class=\"rpi-star\"><\/span><\/div><\/div><\/div><div class=\"rpi-body rpi-normal-up__body\"><div class=\"rpi-text rpi-scroll\" tabindex=\"0\">Un equipo de lo m\u00e1s profesional y comprometido. Destacar su cercania, amabildad y buen trato para ofrecer todo tipo de soluciones y hacer crecer tu negocio. Si tu idea es Montar un negocio o darle un nuevo enfoque , no lo dudes y contacta con ellos.<\/div><div class=\"rpi-reply rpi-scroll\"><b>Resposta del propietari:<\/b>Gracias, Marc, por tu valoraci\u00f3n y tus palabras. Nos motiva saber que nuestra cercan\u00eda y compromiso marcan la diferencia. Seguiremos trabajando para ofrecer siempre las mejores soluciones a quienes conf\u00edan en nosotros. \u00a1Un placer acompa\u00f1arte en el crecimiento de tu negocio!<\/div><\/div><\/div><\/div><div class=\"rpi-card\" data-provider=\"google\"><div class=\"rpi-card-inner\"><i class=\"\"><\/i><div class=\"rpi-flex\"><div class=\"rpi-img\"><img decoding=\"async\" src=\"https:\/\/lh3.googleusercontent.com\/a-\/ALV-UjUPvnRE6pKVkbevTQOWucjZVbezVUeew9y5X3UJA_2WUb-CpyR5=s120-c-rp-mo-s56-br100\" class=\"rpi-img\" loading=\"lazy\" width=\"56\" height=\"56\" alt=\"\" onerror=\"if(this.src!='https:\/\/loyalbusinessconsulting.com\/wp-content\/plugins\/business-reviews-bundle\/assets\/img\/google_avatar.png')this.src='https:\/\/loyalbusinessconsulting.com\/wp-content\/plugins\/business-reviews-bundle\/assets\/img\/google_avatar.png';\"><\/div><div class=\"rpi-info\"><a href=\"https:\/\/search.google.com\/local\/reviews?placeid=ChIJ11FA1AUZeqsRilyH12sDiLE\" class=\"rpi-name\" target=\"_blank\" rel=\"noopener nofollow\" aria-label=\"Fernando De Elena - google user profile\">Fernando De Elena<\/a><div class=\"rpi-time\" data-time=\"1738011602\"><\/div><div class=\"rpi-stars\" data-info=\"5,google,\"><span class=\"rpi-star\"><\/span><span class=\"rpi-star\"><\/span><span class=\"rpi-star\"><\/span><span class=\"rpi-star\"><\/span><span class=\"rpi-star\"><\/span><\/div><\/div><\/div><div class=\"rpi-body rpi-normal-up__body\"><div class=\"rpi-text rpi-scroll\" tabindex=\"0\">Un equipo muy profesional y comprometido con ofrecer soluciones para hacer crecer los negocios. Destacan por su amabilidad y cercan\u00eda, siempre dispuestos a ayudar.<\/div><div class=\"rpi-reply rpi-scroll\"><b>Resposta del propietari:<\/b>Gracias, Fernando, por tu confianza y por destacar nuestro compromiso. Nos encanta poder ayudar a hacer crecer los negocios con un trato cercano y soluciones efectivas. Estamos aqu\u00ed para lo que necesites. \u00a1Un placer contar contigo!<\/div><\/div><\/div><\/div><div class=\"rpi-card\" data-provider=\"google\"><div class=\"rpi-card-inner\"><i class=\"\"><\/i><div class=\"rpi-flex\"><div class=\"rpi-img\"><img decoding=\"async\" src=\"https:\/\/lh3.googleusercontent.com\/a-\/ALV-UjWIcckqvf5ObVKw6Fj-tGmlvFWhbfdHqmPAL6p2PP7YH3ZlUq_zRQ=s120-c-rp-mo-s56-br100\" class=\"rpi-img\" loading=\"lazy\" width=\"56\" height=\"56\" alt=\"\" onerror=\"if(this.src!='https:\/\/loyalbusinessconsulting.com\/wp-content\/plugins\/business-reviews-bundle\/assets\/img\/google_avatar.png')this.src='https:\/\/loyalbusinessconsulting.com\/wp-content\/plugins\/business-reviews-bundle\/assets\/img\/google_avatar.png';\"><\/div><div class=\"rpi-info\"><a href=\"https:\/\/search.google.com\/local\/reviews?placeid=ChIJ11FA1AUZeqsRilyH12sDiLE\" class=\"rpi-name\" target=\"_blank\" rel=\"noopener nofollow\" aria-label=\"ENRIQUE SANZ GUILLEN - google user profile\">ENRIQUE SANZ GUILLEN<\/a><div class=\"rpi-time\" data-time=\"1737915827\"><\/div><div class=\"rpi-stars\" data-info=\"5,google,\"><span class=\"rpi-star\"><\/span><span class=\"rpi-star\"><\/span><span class=\"rpi-star\"><\/span><span class=\"rpi-star\"><\/span><span class=\"rpi-star\"><\/span><\/div><\/div><\/div><div class=\"rpi-body rpi-normal-up__body\"><div class=\"rpi-text rpi-scroll\" tabindex=\"0\">Loyal Business Consulting, equipo tremendamente profesional y eficiente, cercano y atento al mismo tiempo. Asesoramiento de calidad que genera tranquilidad, confianza y entusiasmo m\u00e1ximos a la hora de emprender proyectos relacionados con la contabilidad y\/o el seguimiento de impuestos de tu(s) empresa(s). \u00a1Todo un lujo poder contar con vuestro conocimiento y saber hacer!<\/div><div class=\"rpi-reply rpi-scroll\"><b>Resposta del propietari:<\/b>Muchas gracias, Enrique, por tus amables palabras y por la confianza que depositas en nosotros. Nos alegra saber que nuestro trabajo te transmite tranquilidad y confianza para llevar adelante tus proyectos. Seguiremos trabajando con dedicaci\u00f3n para ofrecerte siempre el mejor servicio. \u00a1Un placer contar contigo como cliente!<\/div><\/div><\/div><\/div><\/div><div class=\"rpi-slider-next\" tabindex=\"0\"><\/div><div class=\"rpi-dots-wrap\"><div class=\"rpi-dots\"><\/div><\/div><\/div><\/div><img loading=\"lazy\" decoding=\"async\" src=\"data:image\/gif;base64,R0lGODlhAQABAIAAAAAAAP\/\/\/yH5BAEAAAAALAAAAAABAAEAAAIBRAA7\" alt=\"\" onload=\"(function(el) { var t = setInterval(function() {if (window.RichPlugins && !el.getAttribute('data-exec')) { let l = 'slider'; RichPlugins.init(el); clearInterval(t) }}, 200)})(this.closest('.rpi'))\" width=\"1\" height=\"1\" style=\"display:none\"><\/div>\n<\/div><\/div><\/div><\/div><\/div><\/div><\/section>\n","protected":false},"excerpt":{"rendered":"Assessoria Laboral AndorraHomeP\u00e0gines Evita errors legals en contractacions i acomiadaments. Gestiona n\u00f2mines i cotitzacions sense complicacions. Compleix la normativa laboral i guanya en tranquil\u00b7litat. Agenda la teva consulta ara! Valoraci\u00f3 de 5\/5 basades en +24 Ressenyes positives Objectius d\u00b4una assessoria en gesti\u00f3 de personalEl seu objectiu principal \u00e9s assessorar empreses i treballadors en aspectes relacionats...","protected":false},"author":1,"featured_media":721,"parent":0,"menu_order":0,"comment_status":"closed","ping_status":"closed","template":"","meta":{"_acf_changed":false,"footnotes":""},"class_list":["post-823","page","type-page","status-publish","has-post-thumbnail","hentry"],"acf":[],"yoast_head":"<!-- This site is optimized with the Yoast SEO plugin v26.5 - https:\/\/yoast.com\/wordpress\/plugins\/seo\/ -->\n<title>Assessorament Laboral a Andorra - Loyal<\/title>\n<meta name=\"description\" content=\"Delegar la gesti\u00f3 laboral a Andorra amb especialistes en normativa i RRHH. Assegura el compliment legal i augmenta l&#039;efici\u00e8ncia amb Loyal. Contacta&#039;ns!\" \/>\n<meta name=\"robots\" content=\"index, follow, max-snippet:-1, max-image-preview:large, max-video-preview:-1\" \/>\n<link rel=\"canonical\" href=\"https:\/\/loyalbusinessconsulting.com\/ca\/assessoria-laboral-andorra\/\" \/>\n<meta property=\"og:locale\" content=\"ca_ES\" \/>\n<meta property=\"og:type\" content=\"article\" \/>\n<meta property=\"og:title\" content=\"Assessorament Laboral a Andorra - Loyal\" \/>\n<meta property=\"og:description\" content=\"Delegar la gesti\u00f3 laboral a Andorra amb especialistes en normativa i RRHH. Assegura el compliment legal i augmenta l&#039;efici\u00e8ncia amb Loyal. Contacta&#039;ns!\" \/>\n<meta property=\"og:url\" content=\"https:\/\/loyalbusinessconsulting.com\/ca\/assessoria-laboral-andorra\/\" \/>\n<meta property=\"og:site_name\" content=\"Loyal\" \/>\n<meta property=\"article:modified_time\" content=\"2025-11-06T11:08:28+00:00\" \/>\n<meta property=\"og:image\" content=\"https:\/\/loyalbusinessconsulting.com\/wp-content\/uploads\/2025\/04\/asesoria-laboral-loyal-andorra-asesores.jpg\" \/>\n\t<meta property=\"og:image:width\" content=\"1000\" \/>\n\t<meta property=\"og:image:height\" content=\"667\" \/>\n\t<meta property=\"og:image:type\" content=\"image\/jpeg\" \/>\n<meta name=\"twitter:card\" content=\"summary_large_image\" \/>\n<meta name=\"twitter:label1\" content=\"Temps estimat de lectura\" \/>\n\t<meta name=\"twitter:data1\" content=\"4 minuts\" \/>\n<script type=\"application\/ld+json\" class=\"yoast-schema-graph\">{\"@context\":\"https:\/\/schema.org\",\"@graph\":[{\"@type\":\"WebPage\",\"@id\":\"https:\/\/loyalbusinessconsulting.com\/ca\/assessoria-laboral-andorra\/\",\"url\":\"https:\/\/loyalbusinessconsulting.com\/ca\/assessoria-laboral-andorra\/\",\"name\":\"Assessorament Laboral a Andorra - Loyal\",\"isPartOf\":{\"@id\":\"https:\/\/loyalbusinessconsulting.com\/ca\/#website\"},\"primaryImageOfPage\":{\"@id\":\"https:\/\/loyalbusinessconsulting.com\/ca\/assessoria-laboral-andorra\/#primaryimage\"},\"image\":{\"@id\":\"https:\/\/loyalbusinessconsulting.com\/ca\/assessoria-laboral-andorra\/#primaryimage\"},\"thumbnailUrl\":\"https:\/\/loyalbusinessconsulting.com\/wp-content\/uploads\/2025\/04\/asesoria-laboral-loyal-andorra-asesores.jpg\",\"datePublished\":\"2025-04-10T09:58:26+00:00\",\"dateModified\":\"2025-11-06T11:08:28+00:00\",\"description\":\"Delegar la gesti\u00f3 laboral a Andorra amb especialistes en normativa i RRHH. Assegura el compliment legal i augmenta l'efici\u00e8ncia amb Loyal. Contacta'ns!\",\"breadcrumb\":{\"@id\":\"https:\/\/loyalbusinessconsulting.com\/ca\/assessoria-laboral-andorra\/#breadcrumb\"},\"inLanguage\":\"ca\",\"potentialAction\":[{\"@type\":\"ReadAction\",\"target\":[\"https:\/\/loyalbusinessconsulting.com\/ca\/assessoria-laboral-andorra\/\"]}]},{\"@type\":\"ImageObject\",\"inLanguage\":\"ca\",\"@id\":\"https:\/\/loyalbusinessconsulting.com\/ca\/assessoria-laboral-andorra\/#primaryimage\",\"url\":\"https:\/\/loyalbusinessconsulting.com\/wp-content\/uploads\/2025\/04\/asesoria-laboral-loyal-andorra-asesores.jpg\",\"contentUrl\":\"https:\/\/loyalbusinessconsulting.com\/wp-content\/uploads\/2025\/04\/asesoria-laboral-loyal-andorra-asesores.jpg\",\"width\":1000,\"height\":667},{\"@type\":\"BreadcrumbList\",\"@id\":\"https:\/\/loyalbusinessconsulting.com\/ca\/assessoria-laboral-andorra\/#breadcrumb\",\"itemListElement\":[{\"@type\":\"ListItem\",\"position\":1,\"name\":\"Portada\",\"item\":\"https:\/\/loyalbusinessconsulting.com\/ca\/inici\/\"},{\"@type\":\"ListItem\",\"position\":2,\"name\":\"Assessoria Laboral Andorra\"}]},{\"@type\":\"WebSite\",\"@id\":\"https:\/\/loyalbusinessconsulting.com\/ca\/#website\",\"url\":\"https:\/\/loyalbusinessconsulting.com\/ca\/\",\"name\":\"Loyal\",\"description\":\"\",\"potentialAction\":[{\"@type\":\"SearchAction\",\"target\":{\"@type\":\"EntryPoint\",\"urlTemplate\":\"https:\/\/loyalbusinessconsulting.com\/ca\/?s={search_term_string}\"},\"query-input\":{\"@type\":\"PropertyValueSpecification\",\"valueRequired\":true,\"valueName\":\"search_term_string\"}}],\"inLanguage\":\"ca\"}]}<\/script>\n<!-- \/ Yoast SEO plugin. -->","yoast_head_json":{"title":"Assessorament Laboral a Andorra - Loyal","description":"Delegar la gesti\u00f3 laboral a Andorra amb especialistes en normativa i RRHH. Assegura el compliment legal i augmenta l'efici\u00e8ncia amb Loyal. Contacta'ns!","robots":{"index":"index","follow":"follow","max-snippet":"max-snippet:-1","max-image-preview":"max-image-preview:large","max-video-preview":"max-video-preview:-1"},"canonical":"https:\/\/loyalbusinessconsulting.com\/ca\/assessoria-laboral-andorra\/","og_locale":"ca_ES","og_type":"article","og_title":"Assessorament Laboral a Andorra - Loyal","og_description":"Delegar la gesti\u00f3 laboral a Andorra amb especialistes en normativa i RRHH. Assegura el compliment legal i augmenta l'efici\u00e8ncia amb Loyal. Contacta'ns!","og_url":"https:\/\/loyalbusinessconsulting.com\/ca\/assessoria-laboral-andorra\/","og_site_name":"Loyal","article_modified_time":"2025-11-06T11:08:28+00:00","og_image":[{"width":1000,"height":667,"url":"https:\/\/loyalbusinessconsulting.com\/wp-content\/uploads\/2025\/04\/asesoria-laboral-loyal-andorra-asesores.jpg","type":"image\/jpeg"}],"twitter_card":"summary_large_image","twitter_misc":{"Temps estimat de lectura":"4 minuts"},"schema":{"@context":"https:\/\/schema.org","@graph":[{"@type":"WebPage","@id":"https:\/\/loyalbusinessconsulting.com\/ca\/assessoria-laboral-andorra\/","url":"https:\/\/loyalbusinessconsulting.com\/ca\/assessoria-laboral-andorra\/","name":"Assessorament Laboral a Andorra - Loyal","isPartOf":{"@id":"https:\/\/loyalbusinessconsulting.com\/ca\/#website"},"primaryImageOfPage":{"@id":"https:\/\/loyalbusinessconsulting.com\/ca\/assessoria-laboral-andorra\/#primaryimage"},"image":{"@id":"https:\/\/loyalbusinessconsulting.com\/ca\/assessoria-laboral-andorra\/#primaryimage"},"thumbnailUrl":"https:\/\/loyalbusinessconsulting.com\/wp-content\/uploads\/2025\/04\/asesoria-laboral-loyal-andorra-asesores.jpg","datePublished":"2025-04-10T09:58:26+00:00","dateModified":"2025-11-06T11:08:28+00:00","description":"Delegar la gesti\u00f3 laboral a Andorra amb especialistes en normativa i RRHH. Assegura el compliment legal i augmenta l'efici\u00e8ncia amb Loyal. Contacta'ns!","breadcrumb":{"@id":"https:\/\/loyalbusinessconsulting.com\/ca\/assessoria-laboral-andorra\/#breadcrumb"},"inLanguage":"ca","potentialAction":[{"@type":"ReadAction","target":["https:\/\/loyalbusinessconsulting.com\/ca\/assessoria-laboral-andorra\/"]}]},{"@type":"ImageObject","inLanguage":"ca","@id":"https:\/\/loyalbusinessconsulting.com\/ca\/assessoria-laboral-andorra\/#primaryimage","url":"https:\/\/loyalbusinessconsulting.com\/wp-content\/uploads\/2025\/04\/asesoria-laboral-loyal-andorra-asesores.jpg","contentUrl":"https:\/\/loyalbusinessconsulting.com\/wp-content\/uploads\/2025\/04\/asesoria-laboral-loyal-andorra-asesores.jpg","width":1000,"height":667},{"@type":"BreadcrumbList","@id":"https:\/\/loyalbusinessconsulting.com\/ca\/assessoria-laboral-andorra\/#breadcrumb","itemListElement":[{"@type":"ListItem","position":1,"name":"Portada","item":"https:\/\/loyalbusinessconsulting.com\/ca\/inici\/"},{"@type":"ListItem","position":2,"name":"Assessoria Laboral Andorra"}]},{"@type":"WebSite","@id":"https:\/\/loyalbusinessconsulting.com\/ca\/#website","url":"https:\/\/loyalbusinessconsulting.com\/ca\/","name":"Loyal","description":"","potentialAction":[{"@type":"SearchAction","target":{"@type":"EntryPoint","urlTemplate":"https:\/\/loyalbusinessconsulting.com\/ca\/?s={search_term_string}"},"query-input":{"@type":"PropertyValueSpecification","valueRequired":true,"valueName":"search_term_string"}}],"inLanguage":"ca"}]}},"_links":{"self":[{"href":"https:\/\/loyalbusinessconsulting.com\/ca\/wp-json\/wp\/v2\/pages\/823","targetHints":{"allow":["GET"]}}],"collection":[{"href":"https:\/\/loyalbusinessconsulting.com\/ca\/wp-json\/wp\/v2\/pages"}],"about":[{"href":"https:\/\/loyalbusinessconsulting.com\/ca\/wp-json\/wp\/v2\/types\/page"}],"author":[{"embeddable":true,"href":"https:\/\/loyalbusinessconsulting.com\/ca\/wp-json\/wp\/v2\/users\/1"}],"replies":[{"embeddable":true,"href":"https:\/\/loyalbusinessconsulting.com\/ca\/wp-json\/wp\/v2\/comments?post=823"}],"version-history":[{"count":20,"href":"https:\/\/loyalbusinessconsulting.com\/ca\/wp-json\/wp\/v2\/pages\/823\/revisions"}],"predecessor-version":[{"id":2484,"href":"https:\/\/loyalbusinessconsulting.com\/ca\/wp-json\/wp\/v2\/pages\/823\/revisions\/2484"}],"wp:featuredmedia":[{"embeddable":true,"href":"https:\/\/loyalbusinessconsulting.com\/ca\/wp-json\/wp\/v2\/media\/721"}],"wp:attachment":[{"href":"https:\/\/loyalbusinessconsulting.com\/ca\/wp-json\/wp\/v2\/media?parent=823"}],"curies":[{"name":"wp","href":"https:\/\/api.w.org\/{rel}","templated":true}]}}